{"id":52533,"date":"2024-03-19T14:55:27","date_gmt":"2024-03-19T13:55:27","guid":{"rendered":"https:\/\/www.alarmautomatika.com\/?page_id=52533"},"modified":"2024-03-27T09:36:12","modified_gmt":"2024-03-27T08:36:12","slug":"konferencija-zastita-objekata-kriticne-infrastrukture","status":"publish","type":"page","link":"https:\/\/www.alarmautomatika.com\/hr\/konferencija-zastita-objekata-kriticne-infrastrukture\/","title":{"rendered":"Konferencija Za\u0161tita objekata kriti\u010dne infrastrukture"},"content":{"rendered":"<p>[et_pb_section fb_built=&#8221;1&#8243; _builder_version=&#8221;4.24.2&#8243; _module_preset=&#8221;default&#8221; global_colors_info=&#8221;{}&#8221;][et_pb_row _builder_version=&#8221;4.24.2&#8243; _module_preset=&#8221;default&#8221; global_colors_info=&#8221;{}&#8221;][et_pb_column type=&#8221;4_4&#8243; _builder_version=&#8221;4.24.2&#8243; _module_preset=&#8221;default&#8221; global_colors_info=&#8221;{}&#8221;][et_pb_text _builder_version=&#8221;4.24.2&#8243; _module_preset=&#8221;default&#8221; global_colors_info=&#8221;{}&#8221;]<\/p>\n<blockquote>\n<h1>Konferencija Za\u0161tita objekata kriti\u010dne infrastrukture<\/h1>\n<\/blockquote>\n<p>[\/et_pb_text][et_pb_image src=&#8221;https:\/\/www.alarmautomatika.com\/wp-content\/uploads\/2024\/03\/2024-03-Konferencija-Kriticna-Infrastruktura-720p.jpg&#8221; title_text=&#8221;2024-03-Konferencija-Kriticna-Infrastruktura-720p&#8221; _builder_version=&#8221;4.24.2&#8243; _module_preset=&#8221;default&#8221; global_colors_info=&#8221;{}&#8221;][\/et_pb_image][et_pb_text _builder_version=&#8221;4.24.2&#8243; _module_preset=&#8221;default&#8221; global_colors_info=&#8221;{}&#8221;]<\/p>\n<p>Za\u0161tita objekata kriti\u010dne infrastrukture, ali i svih objekta \u010dija ugro\u017eenost remeti normalan \u017eivot i rad stanovni\u0161tva, je ponovno u fokusu interesa zakonodavca, struke i \u0161ire javnosti. U svijetu je sve vi\u0161e \u017eari\u0161ta sukoba, ratovi koji se vode dugo traju i prvi cilj im je poremetiti funkcioniranje infrastrukture. U takvim okolnostima se u zemljama Europske unije ve\u0107a pa\u017enja posve\u0107uje podizanju svijesti o rizicima kojima smo izlo\u017eeni, va\u017enosti obrambene spremnosti i ja\u010danju mjera za\u0161tite.<\/p>\n<p>[\/et_pb_text][et_pb_text _builder_version=&#8221;4.24.2&#8243; _module_preset=&#8221;default&#8221; global_colors_info=&#8221;{}&#8221;]<\/p>\n<p>Uz punu svijest da kao pojedina\u010dna tvrtka ili osoba ne mo\u017eemo bitno utjecati na okolnosti i ishod eventualnih incidenata, smatramo da je va\u017eno skrenuti pa\u017enju stru\u010dne javnosti na tehni\u010dka rje\u0161enja koja pove\u0107avaju sigurnost objekata kriti\u010dne infrastrukture. Oprema koja se koristi mora biti robusna, otporna na mehani\u010dke i cyber upade, omogu\u0107avati sigurno upravljanje te svojim karakteristikama odgovarati visokim sigurnosnim zahtjevima za\u0161tite objekata kriti\u010dne infrastrukture. Predavanjima \u0107e biti obuhva\u0107eni i primjeri implementacije.<\/p>\n<p>[\/et_pb_text][\/et_pb_column][\/et_pb_row][et_pb_row column_structure=&#8221;1_6,1_6,1_6,1_6,1_6,1_6&#8243; _builder_version=&#8221;4.24.2&#8243; _module_preset=&#8221;default&#8221; global_colors_info=&#8221;{}&#8221;][et_pb_column type=&#8221;1_6&#8243; _builder_version=&#8221;4.24.2&#8243; _module_preset=&#8221;default&#8221; global_colors_info=&#8221;{}&#8221;][et_pb_image src=&#8221;https:\/\/www.alarmautomatika.com\/wp-content\/uploads\/2024\/03\/Pelco_logo_motorola_solutions_company_185x59.jpg&#8221; title_text=&#8221;Pelco_logo_motorola_solutions_company_185x59&#8243; url=&#8221;https:\/\/www.pelco.com\/&#8221; url_new_window=&#8221;on&#8221; align=&#8221;center&#8221; _builder_version=&#8221;4.24.2&#8243; _module_preset=&#8221;default&#8221; hover_enabled=&#8221;0&#8243; global_colors_info=&#8221;{}&#8221; sticky_enabled=&#8221;0&#8243;][\/et_pb_image][\/et_pb_column][et_pb_column type=&#8221;1_6&#8243; _builder_version=&#8221;4.24.2&#8243; _module_preset=&#8221;default&#8221; global_colors_info=&#8221;{}&#8221;][et_pb_image src=&#8221;https:\/\/www.alarmautomatika.com\/wp-content\/uploads\/2024\/03\/logotipi_Perimeter_Protection_Group.jpg&#8221; title_text=&#8221;logotipi_Perimeter_Protection_Group&#8221; url=&#8221;https:\/\/perimeterprotection.net\/&#8221; url_new_window=&#8221;on&#8221; align=&#8221;center&#8221; _builder_version=&#8221;4.24.2&#8243; _module_preset=&#8221;default&#8221; hover_enabled=&#8221;0&#8243; global_colors_info=&#8221;{}&#8221; sticky_enabled=&#8221;0&#8243;][\/et_pb_image][\/et_pb_column][et_pb_column type=&#8221;1_6&#8243; _builder_version=&#8221;4.24.2&#8243; _module_preset=&#8221;default&#8221; global_colors_info=&#8221;{}&#8221;][et_pb_image src=&#8221;https:\/\/www.alarmautomatika.com\/wp-content\/uploads\/2024\/03\/logotipi_Gemos.jpg&#8221; title_text=&#8221;logotipi_Gemos&#8221; url=&#8221;https:\/\/www.g-u.com\/en\/DE\/products\/gemos-advanced-psim\/gemos.html&#8221; url_new_window=&#8221;on&#8221; align=&#8221;center&#8221; _builder_version=&#8221;4.24.2&#8243; _module_preset=&#8221;default&#8221; global_colors_info=&#8221;{}&#8221;][\/et_pb_image][\/et_pb_column][et_pb_column type=&#8221;1_6&#8243; _builder_version=&#8221;4.24.2&#8243; _module_preset=&#8221;default&#8221; global_colors_info=&#8221;{}&#8221;][et_pb_image src=&#8221;https:\/\/www.alarmautomatika.com\/wp-content\/uploads\/2024\/03\/logotipi_FFT.jpg&#8221; title_text=&#8221;logotipi_FFT&#8221; url=&#8221;https:\/\/www.fftsecurity.com\/&#8221; url_new_window=&#8221;on&#8221; align=&#8221;center&#8221; _builder_version=&#8221;4.24.2&#8243; _module_preset=&#8221;default&#8221; global_colors_info=&#8221;{}&#8221;][\/et_pb_image][\/et_pb_column][et_pb_column type=&#8221;1_6&#8243; _builder_version=&#8221;4.24.2&#8243; _module_preset=&#8221;default&#8221; global_colors_info=&#8221;{}&#8221;][et_pb_image src=&#8221;https:\/\/www.alarmautomatika.com\/wp-content\/uploads\/2024\/03\/logotipi_Comnet.jpg&#8221; title_text=&#8221;logotipi_Comnet&#8221; url=&#8221;https:\/\/www.comnetcomm.com\/&#8221; url_new_window=&#8221;on&#8221; align=&#8221;center&#8221; _builder_version=&#8221;4.24.2&#8243; _module_preset=&#8221;default&#8221; global_colors_info=&#8221;{}&#8221;][\/et_pb_image][\/et_pb_column][et_pb_column type=&#8221;1_6&#8243; _builder_version=&#8221;4.24.2&#8243; _module_preset=&#8221;default&#8221; global_colors_info=&#8221;{}&#8221;][et_pb_image src=&#8221;https:\/\/www.alarmautomatika.com\/wp-content\/uploads\/2024\/03\/logotipi_ab_sistem_dci_cloud.jpg&#8221; title_text=&#8221;logotipi_ab_sistem_dci_cloud&#8221; url=&#8221;https:\/\/www.alarmautomatika.com\/hr\/&#8221; url_new_window=&#8221;on&#8221; align=&#8221;center&#8221; _builder_version=&#8221;4.24.2&#8243; _module_preset=&#8221;default&#8221; global_colors_info=&#8221;{}&#8221;][\/et_pb_image][\/et_pb_column][\/et_pb_row][et_pb_row _builder_version=&#8221;4.24.2&#8243; _module_preset=&#8221;default&#8221; global_colors_info=&#8221;{}&#8221;][et_pb_column type=&#8221;4_4&#8243; _builder_version=&#8221;4.24.2&#8243; _module_preset=&#8221;default&#8221; global_colors_info=&#8221;{}&#8221;][et_pb_button button_url=&#8221;https:\/\/forms.office.com\/e\/mD92vPib5K&#8221; url_new_window=&#8221;on&#8221; button_text=&#8221;Prijavnica&#8221; button_alignment=&#8221;center&#8221; _builder_version=&#8221;4.24.2&#8243; _module_preset=&#8221;default&#8221; global_colors_info=&#8221;{}&#8221;][\/et_pb_button][et_pb_text _builder_version=&#8221;4.24.2&#8243; _module_preset=&#8221;default&#8221; global_colors_info=&#8221;{}&#8221;]<\/p>\n<blockquote>\n<h4>Kome je konferencija namijenjena?<\/h4>\n<\/blockquote>\n<p>Konferencija je namijenjena prvenstveno osobama koje se bave poslovima za\u0161tite u tvrtkama, menad\u017eerima sigurnosti, projektantima elektro instalacija i tehni\u010dke za\u0161tite te sistem integratorima.<\/p>\n<p>[\/et_pb_text][et_pb_text _builder_version=&#8221;4.24.2&#8243; _module_preset=&#8221;default&#8221; global_colors_info=&#8221;{}&#8221;]<\/p>\n<blockquote>\n<h4>Kada i gdje se konferencija odr\u017eava?<\/h4>\n<\/blockquote>\n<p>Konferencija se odr\u017eava u <strong>\u010detvrtak, 25.4.2024.<\/strong> u <strong><a href=\"https:\/\/www.hotel-aristos.hr\/hr\/\" target=\"_blank\" rel=\"noopener\">Hotelu Aristos, Cebini 33<\/a><\/strong>, Zagreb.<\/p>\n<p>[\/et_pb_text][et_pb_text _builder_version=&#8221;4.24.2&#8243; _module_preset=&#8221;default&#8221; global_colors_info=&#8221;{}&#8221;]<\/p>\n<blockquote>\n<h4>Dnevni raspored:<\/h4>\n<\/blockquote>\n<p>[\/et_pb_text][et_pb_code _builder_version=&#8221;4.24.2&#8243; _module_preset=&#8221;default&#8221; custom_css_free_form=&#8221;||&#8221; global_colors_info=&#8221;{}&#8221;]<\/p>\n<style><!-- [et_pb_line_break_holder] -->#customers td, #customers th {<!-- [et_pb_line_break_holder] -->  border: 1px solid #ddd;<!-- [et_pb_line_break_holder] -->  padding: 10px;<!-- [et_pb_line_break_holder] -->}<!-- [et_pb_line_break_holder] --><!-- [et_pb_line_break_holder] -->#customers tr:nth-child(even) {<!-- [et_pb_line_break_holder] -->  background-color: #f2f2f2;<!-- [et_pb_line_break_holder] -->}<!-- [et_pb_line_break_holder] -->  <!-- [et_pb_line_break_holder] -->#customers tr:hover {<!-- [et_pb_line_break_holder] -->  background-color: #ddd;<!-- [et_pb_line_break_holder] -->}<!-- [et_pb_line_break_holder] -->  <!-- [et_pb_line_break_holder] -->.text-nowrap {<!-- [et_pb_line_break_holder] -->  white-space: nowrap;<!-- [et_pb_line_break_holder] -->}<!-- [et_pb_line_break_holder] --><\/style>\n<p><!-- [et_pb_line_break_holder] --><!-- [et_pb_line_break_holder] --><\/p>\n<table id=\"customers\"><!-- [et_pb_line_break_holder] -->  <\/p>\n<tr><!-- [et_pb_line_break_holder] -->    <\/p>\n<td>Registracija sudionika<\/td>\n<p><!-- [et_pb_line_break_holder] -->    <\/p>\n<td class=\"text-nowrap\">10:00 \u2013 10:30<\/td>\n<p><!-- [et_pb_line_break_holder] -->  <\/tr>\n<p><!-- [et_pb_line_break_holder] -->  <\/p>\n<tr><!-- [et_pb_line_break_holder] -->    <\/p>\n<td>\u0160to donose izmjene Zakona o kriti\u010dnoj infrastrukturi?<\/td>\n<p><!-- [et_pb_line_break_holder] -->    <\/p>\n<td class=\"text-nowrap\">10:30 \u2013 11:00<\/td>\n<p><!-- [et_pb_line_break_holder] -->  <\/tr>\n<p><!-- [et_pb_line_break_holder] -->  <\/p>\n<tr><!-- [et_pb_line_break_holder] -->    <\/p>\n<td>Kiberneti\u010dka sigurnost u objektima kriti\u010dne infrastrukture<\/td>\n<p><!-- [et_pb_line_break_holder] -->\t\t<\/p>\n<td class=\"text-nowrap\">11:00 \u2013 11:30<\/td>\n<p><!-- [et_pb_line_break_holder] -->  <\/tr>\n<p><!-- [et_pb_line_break_holder] -->  <\/p>\n<tr><!-- [et_pb_line_break_holder] -->    <\/p>\n<td>Karakteristike i funkcije sustava kontrole pristupa i za\u0161tite perimetra<!-- [et_pb_line_break_holder] -->  prikladnih za za\u0161titu objekata kriti\u010dne infrastrukture<\/td>\n<p><!-- [et_pb_line_break_holder] -->    <\/p>\n<td class=\"text-nowrap\">11:30 \u2013 12:00<\/td>\n<p><!-- [et_pb_line_break_holder] -->  <\/tr>\n<p><!-- [et_pb_line_break_holder] -->  <\/p>\n<tr><!-- [et_pb_line_break_holder] -->    <\/p>\n<td>Pauza<\/br><!-- [et_pb_line_break_holder] -->    <\/p>\n<td class=\"text-nowrap\">12:00 \u2013 12:30<\/td>\n<p><!-- [et_pb_line_break_holder] -->  <\/tr>\n<p><!-- [et_pb_line_break_holder] -->  <\/p>\n<tr><!-- [et_pb_line_break_holder] -->    <\/p>\n<td>Karakteristike i funkcije sustava videonadzora prikladnog za za\u0161titu objekata <!-- [et_pb_line_break_holder] --> kriti\u010dne infrastrukture<\/td>\n<p><!-- [et_pb_line_break_holder] -->    <\/p>\n<td class=\"text-nowrap\">12:30 \u2013 13:15<\/td>\n<p><!-- [et_pb_line_break_holder] -->  <\/tr>\n<p><!-- [et_pb_line_break_holder] --> <\/p>\n<tr><!-- [et_pb_line_break_holder] -->    <\/p>\n<td>Karakteristike PSIM softvera za integraciju i upravljanje sustava za\u0161tite na<!-- [et_pb_line_break_holder] --> objektima kriti\u010dne infrastrukture<\/td>\n<p><!-- [et_pb_line_break_holder] -->    <\/p>\n<td class=\"text-nowrap\">13:15 \u2013 13:45<\/td>\n<p><!-- [et_pb_line_break_holder] -->  <\/tr>\n<p><!-- [et_pb_line_break_holder] -->  <\/p>\n<tr><!-- [et_pb_line_break_holder] -->    <\/p>\n<td>Ru\u010dak<\/td>\n<p><!-- [et_pb_line_break_holder] -->    <\/p>\n<td class=\"text-nowrap\">13:45<\/td>\n<p><!-- [et_pb_line_break_holder] -->  <\/tr>\n<p><!-- [et_pb_line_break_holder] --><\/table>\n<p>[\/et_pb_code][et_pb_text _builder_version=&#8221;4.24.2&#8243; _module_preset=&#8221;default&#8221; global_colors_info=&#8221;{}&#8221;]<\/p>\n<blockquote>\n<h4>Teme i predava\u010di<\/h4>\n<\/blockquote>\n<p>[\/et_pb_text][et_pb_text _builder_version=&#8221;4.24.2&#8243; _module_preset=&#8221;default&#8221; global_colors_info=&#8221;{}&#8221;]<\/p>\n<blockquote>\n<h5>\u0160to donose izmjene Zakona o kriti\u010dnoj infrastrukturi?<\/h5>\n<\/blockquote>\n<p>[\/et_pb_text][et_pb_team_member name=&#8221;Renata Don\u010devi\u0107, mag. ing. el., Alarm automatika &#8221; image_url=&#8221;https:\/\/www.alarmautomatika.com\/wp-content\/uploads\/2022\/02\/renata-doncevic-circle.png&#8221; _builder_version=&#8221;4.24.2&#8243; _module_preset=&#8221;default&#8221; global_colors_info=&#8221;{}&#8221;]<\/p>\n<p>Koji objekti \u0107e biti obuhva\u0107eni Zakonom o kriti\u010dnoj infrastrukturi. Javno-privatno partnerstvo i uloga  tehni\u010dke za\u0161tite u za\u0161titi objekata kriti\u010dne infrastrukture.<\/p>\n<p>[\/et_pb_team_member][et_pb_text _builder_version=&#8221;4.24.2&#8243; _module_preset=&#8221;default&#8221; global_colors_info=&#8221;{}&#8221;]<\/p>\n<blockquote>\n<h5>Kiberneti\u010dka sigurnost u objektima kriti\u010dne infrastrukture<\/h5>\n<\/blockquote>\n<p>[\/et_pb_text][et_pb_team_member name=&#8221;Mr. sc. Dra\u017een Dori\u0107, Hrvatski institut za kiberneti\u010dku sigurnosti&#8221; image_url=&#8221;https:\/\/www.alarmautomatika.com\/wp-content\/uploads\/2024\/03\/Doric_Drazen_320x229.webp&#8221; _builder_version=&#8221;4.24.2&#8243; _module_preset=&#8221;default&#8221; global_colors_info=&#8221;{}&#8221;]<\/p>\n<p>Sigurno kori\u0161tenje informacijsko komunikacijskih tehnologija. Kiberneti\u010dka sigurnost industrijskih sustava. Kako osigurati kiberneti\u010dku sigurnost objekata kriti\u010dne infrastrukture.<\/p>\n<p>[\/et_pb_team_member][et_pb_text _builder_version=&#8221;4.24.2&#8243; _module_preset=&#8221;default&#8221; global_colors_info=&#8221;{}&#8221;]<\/p>\n<blockquote>\n<h5>Karakteristike i funkcije sustava kontrole pristupa i za\u0161tite perimetra prikladnih za za\u0161titu objekata kriti\u010dne infrastrukture<\/h5>\n<\/blockquote>\n<p>[\/et_pb_text][et_pb_team_member name=&#8221;Velimir Drakuli\u0107, Alarm automatika Rijeka&#8221; image_url=&#8221;https:\/\/www.alarmautomatika.com\/wp-content\/uploads\/2023\/02\/Velimir_Drakulic.png&#8221; _builder_version=&#8221;4.24.2&#8243; _module_preset=&#8221;default&#8221; global_colors_info=&#8221;{}&#8221;]<\/p>\n<p>Projektiranje za\u0161tite perimetra \u2013 po\u010detna to\u010dka projektiranja za\u0161tite objekata kriti\u010dne infrastrukture. Kontrola pristupa vozila rampama i protuteroristi\u010dkim barijerama. Certificirane antiteroristi\u010dke cestovne barijere. Protuprovalna perimetarska za\u0161tita.<\/p>\n<p>[\/et_pb_team_member][et_pb_text _builder_version=&#8221;4.24.2&#8243; _module_preset=&#8221;default&#8221; global_colors_info=&#8221;{}&#8221;]<\/p>\n<blockquote>\n<h5>Karakteristike i funkcije sustava videonadzora prikladnog za za\u0161titu objekata kriti\u010dne infrastrukture<\/h5>\n<\/blockquote>\n<p>[\/et_pb_text][et_pb_team_member name=&#8221;Renata Don\u010devi\u0107, Alarm automatika Rijeka&#8221; image_url=&#8221;https:\/\/www.alarmautomatika.com\/wp-content\/uploads\/2022\/02\/renata-doncevic-circle.png&#8221; _builder_version=&#8221;4.24.2&#8243; _module_preset=&#8221;default&#8221; global_colors_info=&#8221;{}&#8221;]<\/p>\n<p>Videonadzorna oprema za te\u0161ke uvijete rada, specijalni tipovi kamera. Potrebni certifikati kojima se dokazuje mehani\u010dka i cyber otpornost opreme. Napredne videoanaliti\u010dke funkcije.<\/p>\n<p>[\/et_pb_team_member][et_pb_text _builder_version=&#8221;4.24.2&#8243; _module_preset=&#8221;default&#8221; global_colors_info=&#8221;{}&#8221;]<\/p>\n<blockquote>\n<h5>Karakteristike PSIM softvera za integraciju i upravljanje sustava za\u0161tite na objektima kriti\u010dne infrastrukture<\/h5>\n<\/blockquote>\n<p>[\/et_pb_text][et_pb_team_member name=&#8221;Fedja Vehabovi\u0107, BKS GmbH, GU-Grupacija, Ditzingen&#8221; image_url=&#8221;https:\/\/www.alarmautomatika.com\/wp-content\/uploads\/2024\/03\/Fedja_320x229.webp&#8221; _builder_version=&#8221;4.24.2&#8243; _module_preset=&#8221;default&#8221; global_colors_info=&#8221;{}&#8221;]<\/p>\n<p>Koliko razli\u010ditih sustava je mogu\u0107e integrirati. Grafi\u010dko su\u010delje (GUI) koje osigurava cjelovit monitoring, jednostavno upravljanje, evidenciju i arhivu doga\u0111aja te odr\u017eavanje. Analize i izvje\u0161taji. Cyber sigurnost. Fleksibilnost rje\u0161enja \u2013 potpuna prilagodba potrebama korisnika. <\/p>\n<p>[\/et_pb_team_member][et_pb_text _builder_version=&#8221;4.24.2&#8243; _module_preset=&#8221;default&#8221; global_colors_info=&#8221;{}&#8221;]<\/p>\n<blockquote>\n<h4>Do kada i kako se prijaviti?<\/h4>\n<\/blockquote>\n<p>Sudjelovanje na konferenciji se mo\u017ee prijaviti najkasnije tri dana prije odr\u017eavanja putem online prijave ili na e-mail <strong><a href=\"mailto:lidija@alarmautomatika.com\">lidija@alarmautomatika.com<\/a><\/strong>.<\/p>\n<p>[\/et_pb_text][et_pb_button button_url=&#8221;https:\/\/forms.office.com\/e\/mD92vPib5K&#8221; url_new_window=&#8221;on&#8221; button_text=&#8221;Prijavnica&#8221; button_alignment=&#8221;center&#8221; _builder_version=&#8221;4.24.2&#8243; _module_preset=&#8221;default&#8221; global_colors_info=&#8221;{}&#8221;][\/et_pb_button][\/et_pb_column][\/et_pb_row][et_pb_row _builder_version=&#8221;4.24.2&#8243; _module_preset=&#8221;default&#8221; global_colors_info=&#8221;{}&#8221;][et_pb_column type=&#8221;4_4&#8243; _builder_version=&#8221;4.24.2&#8243; _module_preset=&#8221;default&#8221; global_colors_info=&#8221;{}&#8221;][et_pb_text _builder_version=&#8221;4.24.2&#8243; _module_preset=&#8221;default&#8221; global_colors_info=&#8221;{}&#8221;]<\/p>\n<blockquote>\n<h4>Materijali za sudionike<\/h4>\n<\/blockquote>\n<p>[\/et_pb_text][et_pb_text _builder_version=&#8221;4.24.2&#8243; _module_preset=&#8221;default&#8221; global_colors_info=&#8221;{}&#8221;]<\/p>\n<p>Svi sudionici \u0107e dobiti poklone i materijale sa vi\u0161e informacija o ponudi Alarm automatike, a nakon konferencije \u0107e biti poslane odr\u017eane power point prezentacije.<\/p>\n<p>[\/et_pb_text][et_pb_text _builder_version=&#8221;4.24.2&#8243; _module_preset=&#8221;default&#8221; global_colors_info=&#8221;{}&#8221;]<\/p>\n<blockquote>\n<h4>Kako unaprijed postaviti pitanja?<\/h4>\n<\/blockquote>\n<p>[\/et_pb_text][et_pb_text _builder_version=&#8221;4.24.2&#8243; _module_preset=&#8221;default&#8221; global_colors_info=&#8221;{}&#8221;]<\/p>\n<p>Pitanja je mogu\u0107e postaviti unaprijed putem prijavnice u kojoj je predvi\u0111en prostor za pitanja ili putem e-maila <strong><a href=\"mailto:lidija@alarmautomatika.com\">lidija@alarmautomatika.com<\/a><\/strong>.<\/p>\n<p>[\/et_pb_text][et_pb_text _builder_version=&#8221;4.24.2&#8243; _module_preset=&#8221;default&#8221; global_colors_info=&#8221;{}&#8221;]<\/p>\n<blockquote>\n<h4>Od koga se mogu dobiti dodatne informacije?<\/h4>\n<\/blockquote>\n<p><strong>Lidija Stolica<\/strong><br \/><strong>Tel:<\/strong> 01 4662 751<br \/><strong>Mob:<\/strong> 091 322 3393<br \/><strong>E-mail:<\/strong> <a href=\"mailto:lidija@alarmautomatika.com\"><strong>lidija@alarmautomatika.com<\/strong><\/a><\/p>\n<p>[\/et_pb_text][et_pb_text _builder_version=&#8221;4.24.2&#8243; _module_preset=&#8221;default&#8221; global_colors_info=&#8221;{}&#8221;]<\/p>\n<blockquote>\n<h4>Organizator konferencije<\/h4>\n<\/blockquote>\n<p>[\/et_pb_text][et_pb_text _builder_version=&#8221;4.24.2&#8243; _module_preset=&#8221;default&#8221; global_colors_info=&#8221;{}&#8221;]<\/p>\n<p>Alarm automatika d.o.o. je regionalni tr\u017ei\u0161ni lider u osmi\u0161ljavanju i izvedbi cjelovitih, inovativnih i integriranih rje\u0161enja tehni\u010dke za\u0161tite. U vi\u0161e od 30 godina rada razvila je poslovanje u 11 zemalja regije, a za\u0161tita kompleksnijih objekata koji se \u0161tite s vi\u0161e razli\u010ditih sustava tehni\u010dke za\u0161tite \u2013 od projektiranja do izvedbe, odr\u017eavanja i softverske integracije \u2013 je sredi\u0161nja djelatnost tvrtke zadnjih desetak godina. Uz podr\u0161ku svog strate\u0161kog partnera, tvrtke Pelco \u2013 Motorola Solution Company, sudjeluje u implementaciji sigurnosnih rje\u0161enja u objektima visokog rizika.  Dobitnik je mnogih nagrada za inovativnost i razvoj specijalisti\u010dkih rje\u0161enja tehni\u010dke za\u0161tite. <\/p>\n<p>[\/et_pb_text][et_pb_image src=&#8221;https:\/\/www.alarmautomatika.com\/wp-content\/uploads\/2022\/05\/dobavljaci_update_1.jpg&#8221; align=&#8221;center&#8221; _builder_version=&#8221;4.24.2&#8243; _module_preset=&#8221;default&#8221; global_colors_info=&#8221;{}&#8221;][\/et_pb_image][et_pb_video src=&#8221;https:\/\/youtu.be\/SHnkE67Wsz0&#8243; _builder_version=&#8221;4.24.2&#8243; _module_preset=&#8221;default&#8221; global_colors_info=&#8221;{}&#8221;][\/et_pb_video][\/et_pb_column][\/et_pb_row][\/et_pb_section]<\/p>\n","protected":false},"excerpt":{"rendered":"<p>Konferencija Za\u0161tita objekata kriti\u010dne infrastrukture Za\u0161tita objekata kriti\u010dne infrastrukture, ali i svih objekta \u010dija ugro\u017eenost remeti normalan \u017eivot i rad stanovni\u0161tva, je ponovno u fokusu interesa zakonodavca, struke i \u0161ire javnosti. U svijetu je sve vi\u0161e \u017eari\u0161ta sukoba, ratovi koji se vode dugo traju i prvi cilj im je poremetiti funkcioniranje infrastrukture. U takvim okolnostima [&hellip;]<\/p>\n","protected":false},"author":14,"featured_media":0,"parent":0,"menu_order":0,"comment_status":"closed","ping_status":"closed","template":"","meta":{"_et_pb_use_builder":"on","_et_pb_old_content":"","_et_gb_content_width":"","footnotes":""},"class_list":["post-52533","page","type-page","status-publish","hentry"],"_links":{"self":[{"href":"https:\/\/www.alarmautomatika.com\/hr\/wp-json\/wp\/v2\/pages\/52533","targetHints":{"allow":["GET"]}}],"collection":[{"href":"https:\/\/www.alarmautomatika.com\/hr\/wp-json\/wp\/v2\/pages"}],"about":[{"href":"https:\/\/www.alarmautomatika.com\/hr\/wp-json\/wp\/v2\/types\/page"}],"author":[{"embeddable":true,"href":"https:\/\/www.alarmautomatika.com\/hr\/wp-json\/wp\/v2\/users\/14"}],"replies":[{"embeddable":true,"href":"https:\/\/www.alarmautomatika.com\/hr\/wp-json\/wp\/v2\/comments?post=52533"}],"version-history":[{"count":1,"href":"https:\/\/www.alarmautomatika.com\/hr\/wp-json\/wp\/v2\/pages\/52533\/revisions"}],"predecessor-version":[{"id":52813,"href":"https:\/\/www.alarmautomatika.com\/hr\/wp-json\/wp\/v2\/pages\/52533\/revisions\/52813"}],"wp:attachment":[{"href":"https:\/\/www.alarmautomatika.com\/hr\/wp-json\/wp\/v2\/media?parent=52533"}],"curies":[{"name":"wp","href":"https:\/\/api.w.org\/{rel}","templated":true}]}}