{"id":56520,"date":"2025-02-04T13:01:22","date_gmt":"2025-02-04T12:01:22","guid":{"rendered":"https:\/\/www.alarmautomatika.com\/biztonsag-az-iskolakban-es-a-kozintezmenyekben-hogyan-lehet-hatekonyan-megvedeni-a-gyermekeket-es-a-fiatalokat\/"},"modified":"2025-02-06T09:35:33","modified_gmt":"2025-02-06T08:35:33","slug":"biztonsag-az-iskolakban-es-a-kozintezmenyekben-hogyan-lehet-hatekonyan-megvedeni-a-gyermekeket-es-a-fiatalokat","status":"publish","type":"page","link":"https:\/\/www.alarmautomatika.com\/hu\/biztonsag-az-iskolakban-es-a-kozintezmenyekben-hogyan-lehet-hatekonyan-megvedeni-a-gyermekeket-es-a-fiatalokat\/","title":{"rendered":"Biztons\u00e1g az iskol\u00e1kban \u00e9s a k\u00f6zint\u00e9zm\u00e9nyekben: Hogyan lehet hat\u00e9konyan megv\u00e9deni a gyermekeket \u00e9s a fiatalokat"},"content":{"rendered":"<p>[et_pb_section fb_built=&#8221;1&#8243; _builder_version=&#8221;4.27.4&#8243; _module_preset=&#8221;default&#8221; global_colors_info=&#8221;{}&#8221;][et_pb_row _builder_version=&#8221;4.27.4&#8243; _module_preset=&#8221;default&#8221; global_colors_info=&#8221;{}&#8221;][et_pb_column type=&#8221;4_4&#8243; _builder_version=&#8221;4.27.4&#8243; _module_preset=&#8221;default&#8221; global_colors_info=&#8221;{}&#8221;][et_pb_text _builder_version=&#8221;4.27.4&#8243; _module_preset=&#8221;default&#8221; header_font_size_tablet=&#8221;&#8221; header_font_size_phone=&#8221;41px&#8221; header_font_size_last_edited=&#8221;on|phone&#8221; global_colors_info=&#8221;{}&#8221;]<\/p>\n<h1>Biztons\u00e1g az iskol\u00e1kban \u00e9s a k\u00f6zint\u00e9zm\u00e9nyekben: Hogyan lehet hat\u00e9konyan megv\u00e9deni a gyermekeket \u00e9s a fiatalokat<\/h1>\n<p>[\/et_pb_text][et_pb_image src=&#8221;https:\/\/www.alarmautomatika.com\/wp-content\/uploads\/2025\/02\/2025-02_Sigurnost_u_skolama_full_HD.jpg&#8221; title_text=&#8221;2025-02_Sigurnost_u_skolama_full_HD&#8221; align=&#8221;center&#8221; _builder_version=&#8221;4.27.4&#8243; _module_preset=&#8221;default&#8221; width=&#8221;80%&#8221; global_colors_info=&#8221;{}&#8221;][\/et_pb_image][et_pb_text _builder_version=&#8221;4.27.4&#8243; _module_preset=&#8221;default&#8221; header_2_font_size_tablet=&#8221;&#8221; header_2_font_size_phone=&#8221;34px&#8221; header_2_font_size_last_edited=&#8221;on|phone&#8221; global_colors_info=&#8221;{}&#8221;]<\/p>\n<blockquote>\n<h2>Nyolc megold\u00e1s a bel\u00e9ptet\u00e9s szab\u00e1lyoz\u00e1s\u00e1ra \u00e9s a biztons\u00e1gi szint n\u00f6vel\u00e9s\u00e9re<\/h2>\n<\/blockquote>\n<p>Az iskol\u00e1kban \u00e9s a k\u00f6zint\u00e9zm\u00e9nyekben a biztons\u00e1g soha nem volt m\u00e9g fontosabb. A k\u00f6zelm\u00faltban Szerbi\u00e1ban, Horv\u00e1torsz\u00e1gban \u00e9s Szlov\u00e1ki\u00e1ban bek\u00f6vetkezett tragikus esem\u00e9nyek megmutatt\u00e1k, mennyire fontos a t\u00e1rsadalom legsebezhet\u0151bb tagjai \u2013 a gyermekek \u00e9s a fiatalok \u2013 v\u00e9delm\u00e9nek biztos\u00edt\u00e1sa. T\u00e1rsadalmilag felel\u0151s v\u00e1llalatk\u00e9nt az Alarm automatika felismerte, hogy olyan konkr\u00e9t \u00e9s hat\u00e9kony megold\u00e1sokra van sz\u00fcks\u00e9g, amelyek jav\u00edtj\u00e1k az iskol\u00e1k, \u00f3vod\u00e1k \u00e9s m\u00e1s k\u00f6zint\u00e9zm\u00e9nyek biztons\u00e1gi el\u0151\u00edr\u00e1sait. K\u00fcldet\u00e9s\u00fcnk nemcsak technikai, hanem humanit\u00e1rius is \u2013 olyan biztons\u00e1gos k\u00f6rnyezetet szeretn\u00e9nk teremteni, amelyben a gyerekek zavartalan oktat\u00e1sban r\u00e9szes\u00fclhetnek, a sz\u00fcl\u0151k pedig nyugodtak lehetnek annak tudat\u00e1ban, hogy gyermekeiket v\u00e9dik.<\/p>\n<p>Ebben a cikkben nyolc konkr\u00e9t m\u00f3dszert mutatunk be a biztons\u00e1g jav\u00edt\u00e1s\u00e1ra k\u00fcl\u00f6nf\u00e9le hozz\u00e1f\u00e9r\u00e9s-szab\u00e1lyoz\u00e1si m\u00f3dszerekkel, a piacon el\u00e9rhet\u0151 legmodernebb technol\u00f3gi\u00e1k felhaszn\u00e1l\u00e1s\u00e1val. Ezen megold\u00e1sok mindegyike az int\u00e9zm\u00e9nyek saj\u00e1tos ig\u00e9nyeihez igaz\u00edthat\u00f3, legyen sz\u00f3 kis \u00f3vod\u00e1r\u00f3l vagy nagy iskolakomplexumr\u00f3l. C\u00e9lunk, hogy vil\u00e1gos \u00e9s gyakorlatias ir\u00e1nyelveket adjunk, amelyek seg\u00edtenek kiv\u00e1lasztani a l\u00e9tes\u00edtm\u00e9nye sz\u00e1m\u00e1ra legjobb biztons\u00e1gi rendszert.<\/p>\n<p>[\/et_pb_text][et_pb_divider color=&#8221;#D7D7D7&#8243; divider_style=&#8221;dotted&#8221; _builder_version=&#8221;4.27.4&#8243; _module_preset=&#8221;default&#8221; global_colors_info=&#8221;{}&#8221;][\/et_pb_divider][et_pb_text _builder_version=&#8221;4.27.4&#8243; _module_preset=&#8221;default&#8221; global_colors_info=&#8221;{}&#8221;]<\/p>\n<blockquote>\n<h4><strong>1. Hozz\u00e1f\u00e9r\u00e9s-vez\u00e9rl\u00e9s adatb\u00e1zisszoftverrel (inOUT megold\u00e1s)<\/strong><\/h4>\n<\/blockquote>\n<p>Ez a megold\u00e1s vez\u00e9rl\u0151ket \u00e9s olvas\u00f3kat haszn\u00e1l a be- \u00e9s kij\u00e1ratok figyel\u00e9s\u00e9re. Az olyan vez\u00e9rl\u0151k, mint az <strong>IN-CC2<\/strong> (2 ajt\u00f3hoz) \u00e9s az <strong>IN-CC4<\/strong> (4 ajt\u00f3hoz) lehet\u0151v\u00e9 teszik a felhaszn\u00e1l\u00f3i tev\u00e9kenys\u00e9g megfigyel\u00e9s\u00e9t. Az olvas\u00f3k, mint p\u00e9ld\u00e1ul az <strong>IN-WGRK1-EM<\/strong> (billenty\u0171zettel) \u00e9s az <strong>IN-WGR1-EM<\/strong> (billenty\u0171zet n\u00e9lk\u00fcl), lehet\u0151v\u00e9 teszik a felhaszn\u00e1l\u00f3 azonos\u00edt\u00e1s\u00e1t RFID-k\u00e1rty\u00e1kkal vagy PIN-k\u00f3ddal.<\/p>\n<p><strong>El\u0151ny\u00f6k:<\/strong><\/p>\n<ul>\n<li>Ingyenes napl\u00f3k\u00f6vet\u0151 szoftver.<\/li>\n<li>Tev\u00e9kenys\u00e9gi jelent\u00e9sek k\u00e9sz\u00edt\u00e9s\u00e9nek k\u00e9pess\u00e9ge..<\/li>\n<li>K\u00f6nny\u0171 integr\u00e1lhat\u00f3s\u00e1g megl\u00e9v\u0151 rendszerekkel.<\/li>\n<\/ul>\n<p><strong>Alkalmaz\u00e1s:<\/strong>\u00a0Idealno za \u0161kole i ustanove u kojima je potrebno detaljno pratiti pristup.<\/p>\n<p>[\/et_pb_text][et_pb_image src=&#8221;https:\/\/www.alarmautomatika.com\/wp-content\/uploads\/2025\/02\/2025-01-31_Sigurnost_u_skolama_rjesenje_1.png&#8221; title_text=&#8221;2025-01-31_Sigurnost_u_\u0161kolama_rje\u0161enje_1&#8243; align=&#8221;center&#8221; _builder_version=&#8221;4.27.4&#8243; _module_preset=&#8221;default&#8221; width=&#8221;60%&#8221; global_colors_info=&#8221;{}&#8221;][\/et_pb_image][et_pb_divider color=&#8221;#D7D7D7&#8243; divider_style=&#8221;dotted&#8221; _builder_version=&#8221;4.27.4&#8243; _module_preset=&#8221;default&#8221; global_colors_info=&#8221;{}&#8221;][\/et_pb_divider][et_pb_text _builder_version=&#8221;4.27.4&#8243; _module_preset=&#8221;default&#8221; global_colors_info=&#8221;{}&#8221;]<\/p>\n<blockquote>\n<h4><strong>2. Bel\u00e9p\u00e9s ellen\u0151rz\u00e9s Hikvision rendszerrel (IVMS szoftver)<\/strong><\/h4>\n<\/blockquote>\n<p>Hasonl\u00f3 az el\u0151z\u0151 megold\u00e1shoz, de Hikvision vez\u00e9rl\u0151ket \u00e9s ingyenes IVMS szoftvert haszn\u00e1l. Ez a rendszer lehet\u0151v\u00e9 teszi a t\u00e1vvez\u00e9rl\u00e9st \u00e9s a vide\u00f3 megfigyel\u00e9ssel val\u00f3 integr\u00e1ci\u00f3t.<\/p>\n<p><strong>El\u0151ny\u00f6k:<\/strong><\/p>\n<ul>\n<li>Ingyenes hozz\u00e1f\u00e9r\u00e9s-kezel\u0151 szoftver.<\/li>\n<li>Integr\u00e1ci\u00f3 vide\u00f3 megfigyel\u00e9ssel az \u00e1tfog\u00f3 biztons\u00e1g \u00e9rdek\u00e9ben.<\/li>\n<li>T\u00e1vvez\u00e9rl\u00e9s lehet\u0151s\u00e9ge mobil alkalmaz\u00e1son kereszt\u00fcl.<\/li>\n<\/ul>\n<p><strong>Alkalmaz\u00e1sok:<\/strong>\u00a0Alkalmas olyan int\u00e9zm\u00e9nyek sz\u00e1m\u00e1ra, amelyek m\u00e1r haszn\u00e1lnak Hikvision rendszereket.<\/p>\n<p>[\/et_pb_text][et_pb_divider color=&#8221;#D7D7D7&#8243; divider_style=&#8221;dotted&#8221; _builder_version=&#8221;4.27.4&#8243; _module_preset=&#8221;default&#8221; global_colors_info=&#8221;{}&#8221;][\/et_pb_divider][et_pb_text _builder_version=&#8221;4.27.4&#8243; _module_preset=&#8221;default&#8221; global_colors_info=&#8221;{}&#8221;]<\/p>\n<blockquote>\n<h4><strong>3. Bel\u00e9ptet\u0151 ellen\u0151rz\u00e9s munkaid\u0151 nyilv\u00e1ntart\u00e1ssal (Jantar rendszer)<\/strong><\/h4>\n<\/blockquote>\n<p>Ez a megold\u00e1s egyes\u00edti a hozz\u00e1f\u00e9r\u00e9s-szab\u00e1lyoz\u00e1st az alkalmazottak id\u0151z\u00edt\u00e9s\u00e9vel. A <strong>Jantar<\/strong> gy\u00e1rt\u00f3 olyan rendszereket k\u00edn\u00e1l, amelyek teljes m\u00e9rt\u00e9kben igazodnak a magyar jogszab\u00e1lyokhoz.<\/p>\n<p><strong>El\u0151ny\u00f6k:<\/strong><\/p>\n<ul>\n<li>Lehet\u0151s\u00e9g van a rendszer b\u0151v\u00edt\u00e9s\u00e9re termin\u00e1lokkal munkaid\u0151 r\u00f6gz\u00edt\u00e9s\u00e9re.<\/li>\n<li>A helyi el\u0151\u00edr\u00e1sokhoz igaz\u00edtott szoftver.<\/li>\n<li>Gyors v\u00e9grehajt\u00e1s.<\/li>\n<\/ul>\n<p><strong>Alkalmaz\u00e1s: <\/strong>Ide\u00e1lis iskol\u00e1kba \u00e9s int\u00e9zm\u00e9nyekbe, ahol nyomon kell k\u00f6vetni az alkalmazottak munkaidej\u00e9t.<\/p>\n<p>[\/et_pb_text][et_pb_image src=&#8221;https:\/\/www.alarmautomatika.com\/wp-content\/uploads\/2025\/02\/2025-01-31_Sigurnost_u_skolama_rjesenje_3.png&#8221; title_text=&#8221;2025-01-31_Sigurnost_u_\u0161kolama_rje\u0161enje_3&#8243; align=&#8221;center&#8221; _builder_version=&#8221;4.27.4&#8243; _module_preset=&#8221;default&#8221; global_colors_info=&#8221;{}&#8221;][\/et_pb_image][et_pb_divider color=&#8221;#D7D7D7&#8243; divider_style=&#8221;dotted&#8221; _builder_version=&#8221;4.27.4&#8243; _module_preset=&#8221;default&#8221; global_colors_info=&#8221;{}&#8221;][\/et_pb_divider][et_pb_text _builder_version=&#8221;4.27.4&#8243; _module_preset=&#8221;default&#8221; global_colors_info=&#8221;{}&#8221;]<\/p>\n<blockquote>\n<h4><strong>4. Egyszer\u0171 hozz\u00e1f\u00e9r\u00e9s-vez\u00e9rl\u00e9s \u00f6n\u00e1ll\u00f3 olvas\u00f3kkal<\/strong><\/h4>\n<\/blockquote>\n<p>Ez a megold\u00e1s \u00f6n\u00e1ll\u00f3 olvas\u00f3kat haszn\u00e1l napl\u00f3adatb\u00e1zis n\u00e9lk\u00fcl. B\u00e1r egyszer\u0171 \u00e9s olcs\u00f3, vannak bizonyos korl\u00e1tai.<\/p>\n<p><strong>El\u0151ny\u00f6k:<\/strong><\/p>\n<ul>\n<li>Alacsony \u00e1r \u00e9s egyszer\u0171 telep\u00edt\u00e9s.<\/li>\n<li>\u00c1tj\u00e1r\u00f3k vez\u00e9rl\u00e9s\u00e9nek lehet\u0151s\u00e9ge (elektrom\u00e1gnesek, r\u00e1mp\u00e1k stb.)..<\/li>\n<\/ul>\n<p><strong>H\u00e1tr\u00e1nyok:<\/strong><\/p>\n<ul>\n<li>K\u00e9ptelens\u00e9g egyszer\u0171en t\u00f6r\u00f6lni az elveszett k\u00e1rty\u00e1kat.<\/li>\n<li>Korl\u00e1tozott biztons\u00e1g vandalizmus eset\u00e9n.<\/li>\n<li>K\u00e9ptelens\u00e9g meghat\u00e1rozni a hozz\u00e1f\u00e9r\u00e9si id\u0151korl\u00e1tokat.<\/li>\n<\/ul>\n<p><strong>Alkalmaz\u00e1s: <\/strong>Alkalmas kev\u00e9sb\u00e9 ig\u00e9nyes l\u00e9tes\u00edtm\u00e9nyekhez, ahol nincs sz\u00fcks\u00e9g a felhaszn\u00e1l\u00f3i hozz\u00e1f\u00e9r\u00e9s r\u00e9szletes r\u00f6gz\u00edt\u00e9s\u00e9re<strong>.<\/strong><\/p>\n<p>[\/et_pb_text][et_pb_divider color=&#8221;#D7D7D7&#8243; divider_style=&#8221;dotted&#8221; _builder_version=&#8221;4.27.4&#8243; _module_preset=&#8221;default&#8221; global_colors_info=&#8221;{}&#8221;][\/et_pb_divider][et_pb_text _builder_version=&#8221;4.27.4&#8243; _module_preset=&#8221;default&#8221; global_colors_info=&#8221;{}&#8221;]<\/p>\n<blockquote>\n<h4><strong>5. Egyszer\u0171 hozz\u00e1f\u00e9r\u00e9s-vez\u00e9rl\u00e9s mobilalkalmaz\u00e1ssal (Tuya)<\/strong><\/h4>\n<\/blockquote>\n<p>Ovo rje\u0161enje koristi \u010dita\u010de koji se mogu povezati na mobilnu aplikaciju\u00a0<strong>Tuya<\/strong>. Omogu\u0107uje upravljanje korisnicima putem aplikacije.<\/p>\n<p><strong>El\u0151ny\u00f6k:<\/strong><\/p>\n<ul>\n<li>Ak\u00e1r 500 felhaszn\u00e1l\u00f3 hozz\u00e1ad\u00e1s\u00e1nak lehet\u0151s\u00e9ge.<\/li>\n<li>Hozz\u00e1f\u00e9r\u00e9s adminisztr\u00e1l\u00e1sa az alkalmaz\u00e1son kereszt\u00fcl.<\/li>\n<li>Hozz\u00e1f\u00e9r\u00e9s id\u0151beli korl\u00e1toz\u00e1sa.<\/li>\n<\/ul>\n<p><strong>Alkalmaz\u00e1s: <\/strong>Ide\u00e1lis kisebb int\u00e9zm\u00e9nyek sz\u00e1m\u00e1ra, ahol egyszer\u0171 t\u00e1vir\u00e1ny\u00edt\u00f3s bel\u00e9ptet\u00e9s sz\u00fcks\u00e9ges.<\/p>\n<p>[\/et_pb_text][et_pb_divider color=&#8221;#D7D7D7&#8243; divider_style=&#8221;dotted&#8221; _builder_version=&#8221;4.27.4&#8243; _module_preset=&#8221;default&#8221; global_colors_info=&#8221;{}&#8221;][\/et_pb_divider][et_pb_text _builder_version=&#8221;4.27.4&#8243; _module_preset=&#8221;default&#8221; global_colors_info=&#8221;{}&#8221;]<\/p>\n<blockquote>\n<h4><strong>6. Vide\u00f3 kaputelefon \u00e9s CCTV rendszerek (DVC) integr\u00e1ci\u00f3ja<\/strong><\/h4>\n<\/blockquote>\n<p>A DVC rendszer a vide\u00f3 kaputelefonokat \u00e9s a CCTV-t egyetlen biztons\u00e1gi platformba k\u00f6ti mobilalkalmaz\u00e1son kereszt\u00fcli kezel\u00e9ssel. Lehet\u0151v\u00e9 teszi az \u00e9l\u0151 megtekint\u00e9st, a felv\u00e9tel t\u00e1rol\u00e1s\u00e1t \u00e9s a t\u00e1voli ajt\u00f3nyit\u00e1st fejlett arcfelismer\u00e9ssel \u00e9s Wiegand protokollal a fejlett bel\u00e9ptet\u0151rendszerekhez val\u00f3 csatlakoz\u00e1shoz.<\/p>\n<p><strong>El\u0151ny\u00f6k:<\/strong><br \/>\u2022 A vide\u00f3 megfigyel\u00e9s \u00e9s a bel\u00e9ptet\u00e9s teljes integr\u00e1l\u00e1sa.<br \/>\u2022 Speci\u00e1lis funkci\u00f3k, p\u00e9ld\u00e1ul arcfelismer\u00e9s<br \/>\u2022 T\u00e1vvez\u00e9rl\u00e9si lehet\u0151s\u00e9g, felv\u00e9telek t\u00e1rol\u00e1sa<\/p>\n<p><strong>Alkalmaz\u00e1s: <\/strong>Alkalmas iskol\u00e1k \u00e9s int\u00e9zm\u00e9nyek sz\u00e1m\u00e1ra, akik \u00e1tfog\u00f3 biztons\u00e1gi megold\u00e1st keresnek.<\/p>\n<p>[\/et_pb_text][et_pb_image src=&#8221;https:\/\/www.alarmautomatika.com\/wp-content\/uploads\/2025\/02\/2025-01-31_Sigurnost_u_skolama_rjesenje_6.jpg&#8221; title_text=&#8221;2025-01-31_Sigurnost_u_\u0161kolama_rje\u0161enje_6&#8243; align=&#8221;center&#8221; _builder_version=&#8221;4.27.4&#8243; _module_preset=&#8221;default&#8221; width=&#8221;60%&#8221; global_colors_info=&#8221;{}&#8221;][\/et_pb_image][et_pb_divider color=&#8221;#D7D7D7&#8243; divider_style=&#8221;dotted&#8221; _builder_version=&#8221;4.27.4&#8243; _module_preset=&#8221;default&#8221; global_colors_info=&#8221;{}&#8221;][\/et_pb_divider][et_pb_text _builder_version=&#8221;4.27.4&#8243; _module_preset=&#8221;default&#8221; global_colors_info=&#8221;{}&#8221;]<\/p>\n<blockquote>\n<h4><strong>7. Vide\u00f3 kaputelefon haszn\u00e1lata integr\u00e1lt k\u00e1rtyaolvas\u00f3val (Hikvision)<\/strong><\/h4>\n<\/blockquote>\n<p>Az integr\u00e1lt k\u00e1rtyaolvas\u00f3val ell\u00e1tott IP video kaputelefon lehet\u0151v\u00e9 teszi a napl\u00f3z\u00e1st \u00e9s a felhaszn\u00e1l\u00f3i adminisztr\u00e1ci\u00f3t a <strong>Hik Connect<\/strong> mobilalkalmaz\u00e1son kereszt\u00fcl.<\/p>\n<p><strong>El\u0151ny\u00f6k:<\/strong><\/p>\n<ul>\n<li>Vide\u00f3 kaputelefon \u00e9s bel\u00e9ptet\u0151 vez\u00e9rl\u0151 integr\u00e1ci\u00f3.<\/li>\n<li>T\u00e1vir\u00e1ny\u00edt\u00f3 lehets\u00e9ges.<\/li>\n<li>T\u00e1pell\u00e1t\u00e1s PoE-n (Power over Ethernet) vagy 12 VDC-n kereszt\u00fcl.<\/li>\n<\/ul>\n<p><strong>Alkalmaz\u00e1sa: <\/strong>Alkalmas iskol\u00e1kba \u00e9s int\u00e9zm\u00e9nyekbe, ahol magas szint\u0171 videokamer\u00e1s megfigyel\u00e9s sz\u00fcks\u00e9ges.<\/p>\n<p>[\/et_pb_text][et_pb_divider color=&#8221;#D7D7D7&#8243; divider_style=&#8221;dotted&#8221; _builder_version=&#8221;4.27.4&#8243; _module_preset=&#8221;default&#8221; global_colors_info=&#8221;{}&#8221;][\/et_pb_divider][et_pb_text _builder_version=&#8221;4.27.4&#8243; _module_preset=&#8221;default&#8221; global_colors_info=&#8221;{}&#8221;]<\/p>\n<blockquote>\n<h4><strong>8. Hikvision termin\u00e1lok haszn\u00e1lata bel\u00e9ptet\u0151 \u00e9s vide\u00f3 kaputelefonhoz<\/strong><\/h4>\n<\/blockquote>\n<p>A Hikvision bel\u00e9ptet\u0151 termin\u00e1l video kaputelefonk\u00e9nt \u00e9s CCTV kamerak\u00e9nt is haszn\u00e1lhat\u00f3. A be\u00e9p\u00edtett k\u00e1rtyaolvas\u00f3 \u00e9s az ideiglenes hozz\u00e1f\u00e9r\u00e9shez QR-k\u00f3dok gener\u00e1l\u00e1sa ide\u00e1lis megold\u00e1ss\u00e1 teszi az iskol\u00e1k sz\u00e1m\u00e1ra.<\/p>\n<p><strong>El\u0151ny\u00f6k:<\/strong><\/p>\n<ul>\n<li>QR-k\u00f3dok gener\u00e1l\u00e1sa a l\u00e1togat\u00f3k sz\u00e1m\u00e1ra..<\/li>\n<li>T\u00e1voli el\u00e9r\u00e9s mobil alkalmaz\u00e1son kereszt\u00fcl..<\/li>\n<li>Integr\u00e1ci\u00f3 vide\u00f3 megfigyel\u00e9ssel.<\/li>\n<\/ul>\n<p><strong>Alkalmaz\u00e1s<\/strong>: Ide\u00e1lis olyan int\u00e9zm\u00e9nyek sz\u00e1m\u00e1ra, ahol magas szint\u0171 biztons\u00e1gra van sz\u00fcks\u00e9g, ideiglenes l\u00e1togat\u00f3i hozz\u00e1f\u00e9r\u00e9s lehet\u0151s\u00e9g\u00e9vel.<\/p>\n<p>[\/et_pb_text][et_pb_divider color=&#8221;#D7D7D7&#8243; divider_style=&#8221;dotted&#8221; _builder_version=&#8221;4.27.4&#8243; _module_preset=&#8221;default&#8221; global_colors_info=&#8221;{}&#8221;][\/et_pb_divider][et_pb_text _builder_version=&#8221;4.27.4&#8243; _module_preset=&#8221;default&#8221; hover_enabled=&#8221;0&#8243; global_colors_info=&#8221;{}&#8221; sticky_enabled=&#8221;0&#8243;]<\/p>\n<blockquote>\n<h4><strong>\u00d6sszefoglal\u00f3:<\/strong><\/h4>\n<\/blockquote>\n<p>Az iskol\u00e1k \u00e9s a k\u00f6zint\u00e9zm\u00e9nyek biztons\u00e1ga nemcsak technikai kih\u00edv\u00e1s, hanem erk\u00f6lcsi k\u00f6teless\u00e9g is a j\u00f6v\u0151 gener\u00e1ci\u00f3ival szemben. Ebben a cikkben nyolc k\u00fcl\u00f6nb\u00f6z\u0151 m\u00f3dszert mutattunk be a biztons\u00e1g n\u00f6vel\u00e9s\u00e9re a hozz\u00e1f\u00e9r\u00e9s-vez\u00e9rl\u00e9ssel, mindegyiknek megvannak a maga el\u0151nyei \u00e9s alkalmaz\u00e1sai. Az egyszer\u0171 \u00f6n\u00e1ll\u00f3 olvas\u00f3kt\u00f3l a fejlett, video-intercom- \u00e9s mobilalkalmaz\u00e1sokkal rendelkez\u0151 rendszerekig minden megold\u00e1s jelent\u0151sen hozz\u00e1j\u00e1rulhat a biztons\u00e1gosabb k\u00f6rnyezet megteremt\u00e9s\u00e9hez. A le\u00edrt megold\u00e1sok teljes m\u00e9rt\u00e9kben megfelelnek a Horv\u00e1t K\u00f6zt\u00e1rsas\u00e1g Tudom\u00e1nyos, Oktat\u00e1si \u00e9s Ifj\u00fas\u00e1gi Miniszt\u00e9rium\u00e1nak iskolai int\u00e9zm\u00e9nyeibe val\u00f3 bel\u00e9p\u00e9s \u00e9s kil\u00e9p\u00e9s ellen\u0151rz\u00e9s\u00e9r\u0151l sz\u00f3l\u00f3 jegyz\u0151k\u00f6nyv\u00e9nek \u00e9s a Horv\u00e1t Biztons\u00e1gi \u0150r\u00f6k C\u00e9h\u00e9nek iskolav\u00e9delmi aj\u00e1nl\u00e1s\u00e1nak, amelyek 2025 janu\u00e1rj\u00e1ban k\u00e9sz\u00fcltek, egy z\u00e1gr\u00e1bi \u00e1ltal\u00e1nos iskol\u00e1ban t\u00f6rt\u00e9nt sz\u00f6rny\u0171 gyilkoss\u00e1g \u00e9s s\u00e9r\u00fcl\u00e9s ut\u00e1n.<\/p>\n<p>Ezen megold\u00e1sok egy r\u00e9sz\u00e9nek kiemelt el\u0151nye a rendszer t\u00e1vir\u00e1ny\u00edt\u00e1sa, ami n\u00f6veli a rugalmass\u00e1got \u00e9s a reag\u00e1l\u00e1si sebess\u00e9get, ami d\u00f6nt\u0151 jelent\u0151s\u00e9g\u0171 lehet, \u00e9s minden megold\u00e1s az int\u00e9zm\u00e9ny saj\u00e1tos ig\u00e9nyeihez igaz\u00edthat\u00f3, legyen sz\u00f3 kis \u00f3vod\u00e1r\u00f3l vagy nagy iskolakomplexumr\u00f3l.<\/p>\n<p>Ezeknek a rendszereknek a megval\u00f3s\u00edt\u00e1sa nem csup\u00e1n technikai l\u00e9p\u00e9s, hanem egy\u00e9rtelm\u0171 \u00fczenet is, hogy a gyermekek \u00e9s a szem\u00e9lyzet biztons\u00e1ga az els\u0151. Az <strong>Alarm automatika<\/strong> el\u00e9rhet\u0151 minden tov\u00e1bbi inform\u00e1ci\u00f3\u00e9rt, tan\u00e1cs\u00e9rt \u00e9s a megold\u00e1sok megval\u00f3s\u00edt\u00e1s\u00e1hoz. Egy\u00fctt biztons\u00e1gos k\u00f6rnyezetet teremthet\u00fcnk, ahol a gyerekek szabadon fejl\u0151dhetnek, a sz\u00fcl\u0151k pedig nyugodtak lehetnek, ha tudj\u00e1k, hogy gyermekeik v\u00e9dve vannak.<\/p>\n<p>A biztons\u00e1g nem luxus, hanem a j\u00f6v\u0151 ir\u00e1nti elk\u00f6telezetts\u00e9g. L\u00e9pjen kapcsolatba vel\u00fcnk m\u00e9g ma, hogy k\u00f6z\u00f6sen megtal\u00e1ljuk a legjobb megold\u00e1st az \u00d6n l\u00e9tes\u00edtm\u00e9ny\u00e9hez.<\/p>\n<p>[\/et_pb_text][\/et_pb_column][\/et_pb_row][\/et_pb_section]<\/p>\n","protected":false},"excerpt":{"rendered":"<p>Biztons\u00e1g az iskol\u00e1kban \u00e9s a k\u00f6zint\u00e9zm\u00e9nyekben: Hogyan lehet hat\u00e9konyan megv\u00e9deni a gyermekeket \u00e9s a fiatalokat Nyolc megold\u00e1s a bel\u00e9ptet\u00e9s szab\u00e1lyoz\u00e1s\u00e1ra \u00e9s a biztons\u00e1gi szint n\u00f6vel\u00e9s\u00e9re Az iskol\u00e1kban \u00e9s a k\u00f6zint\u00e9zm\u00e9nyekben a biztons\u00e1g soha nem volt m\u00e9g fontosabb. A k\u00f6zelm\u00faltban Szerbi\u00e1ban, Horv\u00e1torsz\u00e1gban \u00e9s Szlov\u00e1ki\u00e1ban bek\u00f6vetkezett tragikus esem\u00e9nyek megmutatt\u00e1k, mennyire fontos a t\u00e1rsadalom legsebezhet\u0151bb tagjai \u2013 a [&hellip;]<\/p>\n","protected":false},"author":14,"featured_media":0,"parent":0,"menu_order":0,"comment_status":"closed","ping_status":"closed","template":"","meta":{"_et_pb_use_builder":"on","_et_pb_old_content":"","_et_gb_content_width":"","footnotes":""},"class_list":["post-56520","page","type-page","status-publish","hentry"],"_links":{"self":[{"href":"https:\/\/www.alarmautomatika.com\/hu\/wp-json\/wp\/v2\/pages\/56520","targetHints":{"allow":["GET"]}}],"collection":[{"href":"https:\/\/www.alarmautomatika.com\/hu\/wp-json\/wp\/v2\/pages"}],"about":[{"href":"https:\/\/www.alarmautomatika.com\/hu\/wp-json\/wp\/v2\/types\/page"}],"author":[{"embeddable":true,"href":"https:\/\/www.alarmautomatika.com\/hu\/wp-json\/wp\/v2\/users\/14"}],"replies":[{"embeddable":true,"href":"https:\/\/www.alarmautomatika.com\/hu\/wp-json\/wp\/v2\/comments?post=56520"}],"version-history":[{"count":2,"href":"https:\/\/www.alarmautomatika.com\/hu\/wp-json\/wp\/v2\/pages\/56520\/revisions"}],"predecessor-version":[{"id":56522,"href":"https:\/\/www.alarmautomatika.com\/hu\/wp-json\/wp\/v2\/pages\/56520\/revisions\/56522"}],"wp:attachment":[{"href":"https:\/\/www.alarmautomatika.com\/hu\/wp-json\/wp\/v2\/media?parent=56520"}],"curies":[{"name":"wp","href":"https:\/\/api.w.org\/{rel}","templated":true}]}}