{"id":27203,"date":"2020-08-20T13:08:01","date_gmt":"2020-08-20T11:08:01","guid":{"rendered":"https:\/\/www.alarmautomatika.com\/careers\/"},"modified":"2026-03-24T12:45:38","modified_gmt":"2026-03-24T11:45:38","slug":"kariera","status":"publish","type":"page","link":"https:\/\/www.alarmautomatika.com\/sk\/kariera\/","title":{"rendered":"Kari\u00e9ra"},"content":{"rendered":"<p>[et_pb_section fb_built=&#8220;1&#8243; _builder_version=&#8220;4.16&#8243; _module_preset=&#8220;default&#8220; background_color=&#8220;rgba(0,0,0,0)&#8220; background_image=&#8220;https:\/\/www.alarmautomatika.com\/wp-content\/uploads\/2020\/09\/karijere.jpg&#8220; background_size=&#8220;initial&#8220; background_position=&#8220;top_center&#8220; global_colors_info=&#8220;{}&#8220;][et_pb_row _builder_version=&#8220;4.16&#8243; _module_preset=&#8220;default&#8220; width=&#8220;95%&#8220; global_colors_info=&#8220;{}&#8220;][et_pb_column type=&#8220;4_4&#8243; _builder_version=&#8220;4.16&#8243; _module_preset=&#8220;default&#8220; global_colors_info=&#8220;{}&#8220;][et_pb_text _builder_version=&#8220;4.16&#8243; _dynamic_attributes=&#8220;content&#8220; _module_preset=&#8220;default&#8220; text_font=&#8220;|600|||||||&#8220; text_text_color=&#8220;#ffffff&#8220; text_font_size=&#8220;48px&#8220; text_line_height=&#8220;1.2em&#8220; custom_padding=&#8220;80px|50px||50px|false|true&#8220; text_font_size_tablet=&#8220;40px&#8220; text_font_size_phone=&#8220;32px&#8220; text_font_size_last_edited=&#8220;on|desktop&#8220; text_line_height_tablet=&#8220;&#8220; text_line_height_phone=&#8220;&#8220; text_line_height_last_edited=&#8220;on|phone&#8220; header_font_tablet=&#8220;&#8220; header_font_phone=&#8220;&#8220; header_font_last_edited=&#8220;on|phone&#8220; header_font_size_tablet=&#8220;&#8220; header_font_size_phone=&#8220;&#8220; header_font_size_last_edited=&#8220;on|phone&#8220; header_line_height_tablet=&#8220;&#8220; header_line_height_phone=&#8220;&#8220; header_line_height_last_edited=&#8220;on|desktop&#8220; global_colors_info=&#8220;{}&#8220;]@ET-DC@eyJkeW5hbWljIjp0cnVlLCJjb250ZW50IjoicG9zdF90aXRsZSIsInNldHRpbmdzIjp7ImJlZm9yZSI6IiIsImFmdGVyIjoiIn19@[\/et_pb_text][\/et_pb_column][\/et_pb_row][et_pb_row column_structure=&#8220;3_4,1_4&#8243; _builder_version=&#8220;4.16&#8243; _module_preset=&#8220;default&#8220; background_color=&#8220;#ffffff&#8220; width=&#8220;95%&#8220; custom_margin=&#8220;20px||||false|false&#8220; custom_margin_tablet=&#8220;10px||||false|false&#8220; custom_margin_phone=&#8220;10px||||false|false&#8220; custom_margin_last_edited=&#8220;on|desktop&#8220; custom_padding=&#8220;50px|50px|50px|50px|true|true&#8220; box_shadow_style=&#8220;preset2&#8243; global_colors_info=&#8220;{}&#8220;][et_pb_column type=&#8220;3_4&#8243; _builder_version=&#8220;4.16&#8243; _module_preset=&#8220;default&#8220; global_colors_info=&#8220;{}&#8220;][et_pb_text _builder_version=&#8220;4.16&#8243; _module_preset=&#8220;default&#8220; header_2_text_color=&#8220;#ffffff&#8220; header_2_font_size=&#8220;30px&#8220; background_color=&#8220;#00B16A&#8220; custom_padding=&#8220;15px|15px|7px|15px|false|true&#8220; global_colors_info=&#8220;{}&#8220;]<\/p>\n<h2>Neust\u00e1le h\u013eadanie kvalitn\u00fdch zamestnancov<\/h2>\n<p>[\/et_pb_text][et_pb_text _builder_version=&#8220;4.16&#8243; _module_preset=&#8220;default&#8220; header_2_text_align=&#8220;left&#8220; header_2_font_size=&#8220;30px&#8220; header_2_line_height=&#8220;1.2em&#8220; header_font_size_tablet=&#8220;48px&#8220; header_font_size_phone=&#8220;&#8220; header_font_size_last_edited=&#8220;on|tablet&#8220; header_2_font_size_tablet=&#8220;&#8220; header_2_font_size_phone=&#8220;25px&#8220; header_2_font_size_last_edited=&#8220;on|phone&#8220; global_colors_info=&#8220;{}&#8220;]<\/p>\n<p>\u010co je pre n\u00e1s kvalitn\u00fd zamestnanec? V prvom rade si cen\u00edme predajn\u00e9 schopnosti, technick\u00e9 znalosti a znalosti trhu s elektronick\u00fdm zabezpe\u010den\u00edm. Okrem odborn\u00fdch kompetenci\u00ed h\u013ead\u00e1me proakt\u00edvnych, iniciat\u00edvnych, pozit\u00edvnych a t\u00edmovo orientovan\u00fdch zamestnancov.<\/p>\n<p>Orient\u00e1cia na v\u00fdsledky, proaktivita, spolupr\u00e1ca a vz\u00e1jomn\u00e1 d\u00f4vera a re\u0161pekt s\u00fa pova\u017eovan\u00e9 za predpoklad rastu a rozvoja spolo\u010dnosti. Podnikanie rozvinut\u00e9 v 10 krajin\u00e1ch v regi\u00f3ne rob\u00ed pracovn\u00e9 prostredie dynamick\u00fdm, s jedine\u010dnou firemnou kult\u00farou, ktor\u00e1 umo\u017e\u0148uje osobn\u00fd profesion\u00e1lny rozvoj, so stimuluj\u00facim pr\u00edjmom.<\/p>\n<p>Chceme, aby si na\u0161i zamestnanci neust\u00e1le prehlbovali svoje vedomosti, sk\u00fasenosti a odbornos\u0165, aby sa u\u010dili a objavovali a s d\u00e1vkou relaxu a z\u00e1bavy si ich pr\u00e1cu u\u017e\u00edvali!<\/p>\n<p>[\/et_pb_text][et_pb_text _builder_version=&#8220;4.16&#8243; _module_preset=&#8220;default&#8220; header_2_text_color=&#8220;#ffffff&#8220; header_2_font_size=&#8220;30px&#8220; background_color=&#8220;#00B16A&#8220; custom_padding=&#8220;15px|15px|7px|15px|false|true&#8220; global_colors_info=&#8220;{}&#8220;]<\/p>\n<h2>Aktu\u00e1lne vo\u013en\u00e9 pracovn\u00e9 miesta<\/h2>\n<p>[\/et_pb_text][et_pb_text disabled_on=&#8220;off|off|off&#8220; _builder_version=&#8220;4.16&#8243; _module_preset=&#8220;default&#8220; text_font=&#8220;|600|||||||&#8220; header_2_text_align=&#8220;left&#8220; header_2_font_size=&#8220;30px&#8220; header_2_line_height=&#8220;1.2em&#8220; text_orientation=&#8220;center&#8220; header_font_size_tablet=&#8220;48px&#8220; header_font_size_phone=&#8220;&#8220; header_font_size_last_edited=&#8220;on|tablet&#8220; header_2_font_size_tablet=&#8220;&#8220; header_2_font_size_phone=&#8220;25px&#8220; header_2_font_size_last_edited=&#8220;on|phone&#8220; global_colors_info=&#8220;{}&#8220;]<\/p>\n<p>V s\u00fa\u010dasnosti nie s\u00fa \u017eiadne vo\u013en\u00e9 pracovn\u00e9 miesta.<\/p>\n<p>[\/et_pb_text][et_pb_text disabled_on=&#8220;on|on|on&#8220; _builder_version=&#8220;4.27.6&#8243; _module_preset=&#8220;default&#8220; text_font=&#8220;|600|||||||&#8220; header_2_text_align=&#8220;left&#8220; header_2_font_size=&#8220;30px&#8220; header_2_line_height=&#8220;1.2em&#8220; text_orientation=&#8220;center&#8220; hover_enabled=&#8220;0&#8243; header_font_size_tablet=&#8220;48px&#8220; header_font_size_phone=&#8220;&#8220; header_font_size_last_edited=&#8220;on|tablet&#8220; header_2_font_size_tablet=&#8220;&#8220; header_2_font_size_phone=&#8220;25px&#8220; header_2_font_size_last_edited=&#8220;on|phone&#8220; global_colors_info=&#8220;{}&#8220; locked=&#8220;off&#8220; disabled=&#8220;on&#8220; sticky_enabled=&#8220;0&#8243;]<\/p>\n<p><strong>\u0160pecialista \/ \u0161pecialistka technickej podpory<\/strong><br \/>Term\u00edn prihl\u00e1senia: <strong>20. 03. 2026<\/strong><\/p>\n<p>[\/et_pb_text][et_pb_text _builder_version=&#8220;4.16&#8243; _module_preset=&#8220;default&#8220; link_font=&#8220;|600|||||||&#8220; header_2_text_align=&#8220;left&#8220; header_2_font_size=&#8220;30px&#8220; header_2_line_height=&#8220;1.2em&#8220; header_font_size_tablet=&#8220;48px&#8220; header_font_size_phone=&#8220;&#8220; header_font_size_last_edited=&#8220;on|tablet&#8220; header_2_font_size_tablet=&#8220;&#8220; header_2_font_size_phone=&#8220;25px&#8220; header_2_font_size_last_edited=&#8220;on|phone&#8220; global_colors_info=&#8220;{}&#8220;]<\/p>\n<p>Ni\u017e\u0161ie sme op\u00edsali niektor\u00e9 povinnosti a po\u017eiadavky na pracovn\u00e9 miesta, na ktor\u00fdch zamestnancov naj\u010dastej\u0161ie potrebujeme, aby ste z\u00edskali lep\u0161\u00ed preh\u013ead o na\u0161ich o\u010dak\u00e1vaniach od zamestnancov na t\u00fdchto poz\u00edci\u00e1ch:<\/p>\n<ul>\n<li>Mana\u017e\u00e9ri predaja<\/li>\n<li>Mana\u017e\u00e9ri predaja projektov<\/li>\n<li>\u0160pecialista technickej podpory<\/li>\n<li>In\u017einier\/kon\u0161trukt\u00e9r elektronick\u00fdch zabezpe\u010dovac\u00edch syst\u00e9mov<\/li>\n<\/ul>\n<p>[\/et_pb_text][et_pb_text _builder_version=&#8220;4.16&#8243; _module_preset=&#8220;default&#8220; header_2_text_color=&#8220;#ffffff&#8220; header_2_font_size=&#8220;30px&#8220; background_color=&#8220;#00B16A&#8220; custom_padding=&#8220;15px|15px|7px|15px|false|true&#8220; global_colors_info=&#8220;{}&#8220;]<\/p>\n<h2>Chcete sa sta\u0165 s\u00fa\u010das\u0165ou n\u00e1\u0161ho t\u00edmu?<\/h2>\n<p>[\/et_pb_text][et_pb_text _builder_version=&#8220;4.16&#8243; _module_preset=&#8220;default&#8220; global_colors_info=&#8220;{}&#8220;]\n<div class=\"wpcf7 no-js\" id=\"wpcf7-f27544-o1\" lang=\"sk-SK\" dir=\"ltr\" data-wpcf7-id=\"27544\">\n<div class=\"screen-reader-response\"><p role=\"status\" aria-live=\"polite\" aria-atomic=\"true\"><\/p> <ul><\/ul><\/div>\n<form action=\"\/sk\/wp-json\/wp\/v2\/pages\/27203#wpcf7-f27544-o1\" method=\"post\" class=\"wpcf7-form init\" aria-label=\"Kontaktn\u00fd formul\u00e1r\" enctype=\"multipart\/form-data\" novalidate=\"novalidate\" data-status=\"init\">\n<fieldset class=\"hidden-fields-container\"><input type=\"hidden\" name=\"_wpcf7\" value=\"27544\" \/><input type=\"hidden\" name=\"_wpcf7_version\" value=\"6.1.5\" \/><input type=\"hidden\" name=\"_wpcf7_locale\" value=\"sk_SK\" \/><input type=\"hidden\" name=\"_wpcf7_unit_tag\" value=\"wpcf7-f27544-o1\" \/><input type=\"hidden\" name=\"_wpcf7_container_post\" value=\"0\" \/><input type=\"hidden\" name=\"_wpcf7_posted_data_hash\" value=\"\" \/>\n<\/fieldset>\n<p><label> Zadajte n\u00e1zov poz\u00edcie, o ktor\u00fa m\u00e1te z\u00e1ujem *<br \/>\n<span class=\"wpcf7-form-control-wrap\" data-name=\"workplace\"><input size=\"40\" maxlength=\"400\" class=\"wpcf7-form-control wpcf7-text wpcf7-validates-as-required\" aria-required=\"true\" aria-invalid=\"false\" value=\"\" type=\"text\" name=\"workplace\" \/><\/span> <\/label>\n<\/p>\n<p><label> Meno a priezvisko *<br \/>\n<span class=\"wpcf7-form-control-wrap\" data-name=\"contact-name\"><input size=\"40\" maxlength=\"400\" class=\"wpcf7-form-control wpcf7-text wpcf7-validates-as-required\" aria-required=\"true\" aria-invalid=\"false\" value=\"\" type=\"text\" name=\"contact-name\" \/><\/span> <\/label>\n<\/p>\n<p><label> Miesto bydliska *<br \/>\n<span class=\"wpcf7-form-control-wrap\" data-name=\"place\"><input size=\"40\" maxlength=\"400\" class=\"wpcf7-form-control wpcf7-text wpcf7-validates-as-required\" aria-required=\"true\" aria-invalid=\"false\" value=\"\" type=\"text\" name=\"place\" \/><\/span> <\/label>\n<\/p>\n<p><label> Email *<br \/>\n<span class=\"wpcf7-form-control-wrap\" data-name=\"email\"><input size=\"40\" maxlength=\"400\" class=\"wpcf7-form-control wpcf7-email wpcf7-validates-as-required wpcf7-text wpcf7-validates-as-email\" aria-required=\"true\" aria-invalid=\"false\" value=\"\" type=\"email\" name=\"email\" \/><\/span> <\/label>\n<\/p>\n<p><label> Telef\u00f3n *<br \/>\n<span class=\"wpcf7-form-control-wrap\" data-name=\"phone\"><input size=\"40\" maxlength=\"400\" class=\"wpcf7-form-control wpcf7-text wpcf7-validates-as-required\" aria-required=\"true\" aria-invalid=\"false\" value=\"\" type=\"text\" name=\"phone\" \/><\/span> <\/label>\n<\/p>\n<p><label> Prilo\u017ete \u017eivotopis (PDF, Word, ZIP \u2013 max. 10 MB)<\/label><br \/>\n<span class=\"wpcf7-form-control-wrap\" data-name=\"cv-file\"><input size=\"40\" class=\"wpcf7-form-control wpcf7-file\" accept=\".pdf,.doc,.docx\" aria-invalid=\"false\" type=\"file\" name=\"cv-file\" \/><\/span>\n<\/p>\n<p><label> Spr\u00e1va<br \/>\n<span class=\"wpcf7-form-control-wrap\" data-name=\"message\"><textarea cols=\"40\" rows=\"10\" maxlength=\"2000\" class=\"wpcf7-form-control wpcf7-textarea\" aria-invalid=\"false\" name=\"message\"><\/textarea><\/span> <\/label>\n<\/p>\n<div class=\"wpcf7-turnstile cf-turnstile\" data-sitekey=\"0x4AAAAAACal9s7_sd7CzLTM\" data-response-field-name=\"_wpcf7_turnstile_response\"><\/div>\n<p><input class=\"wpcf7-form-control wpcf7-submit has-spinner\" type=\"submit\" value=\"Odosla\u0165\" \/>\n<\/p><div class=\"wpcf7-response-output\" aria-hidden=\"true\"><\/div>\n<\/form>\n<\/div>\n[\/et_pb_text][et_pb_text _builder_version=&#8220;4.16&#8243; _module_preset=&#8220;default&#8220; header_2_text_color=&#8220;#ffffff&#8220; header_2_font_size=&#8220;30px&#8220; background_color=&#8220;#00B16A&#8220; custom_padding=&#8220;15px|15px|7px|15px|false|true&#8220; global_colors_info=&#8220;{}&#8220;]<\/p>\n<h2>Ako vyzer\u00e1 v\u00fdberov\u00fd proces a indukcia?<\/h2>\n<p>[\/et_pb_text][et_pb_text _builder_version=&#8220;4.16&#8243; _module_preset=&#8220;default&#8220; header_2_text_align=&#8220;left&#8220; header_2_font_size=&#8220;30px&#8220; header_2_line_height=&#8220;1.2em&#8220; header_font_size_tablet=&#8220;48px&#8220; header_font_size_phone=&#8220;&#8220; header_font_size_last_edited=&#8220;on|tablet&#8220; header_2_font_size_tablet=&#8220;&#8220; header_2_font_size_phone=&#8220;25px&#8220; header_2_font_size_last_edited=&#8220;on|phone&#8220; global_colors_info=&#8220;{}&#8220;]<\/p>\n<ol>\n<li>V\u00fdberov\u00e9 konania na vo\u013en\u00e9 poz\u00edcie zverej\u0148ujeme v pr\u00edslu\u0161n\u00fdch m\u00e9di\u00e1ch. V\u00fdber kandid\u00e1tov za\u010d\u00edna predv\u00fdberom prijat\u00fdch \u017eivotopisov pod\u013ea krit\u00e9ri\u00ed pracovn\u00fdch po\u017eiadaviek<\/li>\n<li>Vybran\u00ed kandid\u00e1ti v prvom kole s\u00fa vyzvan\u00ed na otestovanie a overenie vedomost\u00ed a zru\u010dnost\u00ed, ktor\u00e9 s\u00fa k\u013e\u00fa\u010dov\u00e9 a \u0161pecifick\u00e9 pre konkr\u00e9tnu pracovn\u00fa poz\u00edciu<\/li>\n<li>Po sk\u00fa\u0161ke s\u00fa niektor\u00ed kandid\u00e1ti pozvan\u00ed na pohovor, na ktorom sa z\u00fa\u010dastn\u00ed priamy nadriaden\u00fd mana\u017e\u00e9r, bud\u00faci spolupracovn\u00edk, ved\u00faci \u013eudsk\u00fdch zdrojov a v pr\u00edpade potreby aj \u010dlenovia predstavenstva.<\/li>\n<li>Vyberie sa kandid\u00e1t, ktor\u00fd najlep\u0161ie sp\u013a\u0148a po\u017eiadavky na dan\u00fa pr\u00e1cu a ktor\u00fd \u00faspe\u0161ne zapadne do existuj\u00faceho kolekt\u00edvu, a je mu navrhnut\u00fd individu\u00e1lny adapta\u010dn\u00fd program. V\u0161etci ostatn\u00ed uch\u00e1dza\u010di s\u00fa informovan\u00ed o v\u00fdsledkoch v\u00fdberov\u00e9ho konania<\/li>\n<\/ol>\n<p>[\/et_pb_text][et_pb_text _builder_version=&#8220;4.16&#8243; _module_preset=&#8220;default&#8220; header_2_text_color=&#8220;#ffffff&#8220; header_2_font_size=&#8220;30px&#8220; background_color=&#8220;#00B16A&#8220; custom_padding=&#8220;15px|15px|7px|15px|false|true&#8220; global_colors_info=&#8220;{}&#8220;]<\/p>\n<h2>Benefity pre na\u0161ich zamestnancov<\/h2>\n<p>[\/et_pb_text][et_pb_text _builder_version=&#8220;4.16&#8243; _module_preset=&#8220;default&#8220; link_font=&#8220;|600|||||||&#8220; header_2_text_align=&#8220;left&#8220; header_2_font_size=&#8220;30px&#8220; header_2_line_height=&#8220;1.2em&#8220; header_font_size_tablet=&#8220;48px&#8220; header_font_size_phone=&#8220;&#8220; header_font_size_last_edited=&#8220;on|tablet&#8220; header_2_font_size_tablet=&#8220;&#8220; header_2_font_size_phone=&#8220;25px&#8220; header_2_font_size_last_edited=&#8220;on|phone&#8220; global_colors_info=&#8220;{}&#8220;]<\/p>\n<ul>\n<li>Systematick\u00fd \u00favod do pr\u00e1ce<\/li>\n<li>Systematick\u00e9 sledovanie a stimul\u00e1cia pr\u00e1ce zamestnancov<\/li>\n<li>Vzdel\u00e1vanie a odborn\u00e1 pr\u00edprava<\/li>\n<li>Pokrok a v\u00fdvoj<\/li>\n<li>Pr\u00e1ca v priate\u013eskom a dynamickom kolekt\u00edve<\/li>\n<li>Pr\u00e1ca v medzin\u00e1rodnom prostred\u00ed<\/li>\n<\/ul>\n<p>Alarm automatika d.o.o. si vybudovala poz\u00edciu region\u00e1lneho l\u00eddra na trhu neust\u00e1lym investovan\u00edm do technick\u00fdch, ekonomick\u00fdch, organiza\u010dn\u00fdch, in\u017einierskych, IT a mana\u017e\u00e9rskych kompetenci\u00ed svojich zamestnancov.<\/p>\n<p>[\/et_pb_text][\/et_pb_column][et_pb_column type=&#8220;1_4&#8243; _builder_version=&#8220;4.16&#8243; _module_preset=&#8220;default&#8220; custom_padding_tablet=&#8220;&#8220; custom_padding_phone=&#8220;&#8220; custom_padding_last_edited=&#8220;on|phone&#8220; global_colors_info=&#8220;{}&#8220;][et_pb_video src=&#8220;https:\/\/www.youtube.com\/watch?v=SHnkE67Wsz0&#8243; image_src=&#8220;\/\/i.ytimg.com\/vi\/tZQbebRFgqQ\/hqdefault.jpg&#8220; thumbnail_overlay_color=&#8220;rgba(0,0,0,0.6)&#8220; _builder_version=&#8220;4.16&#8243; _module_preset=&#8220;default&#8220; global_colors_info=&#8220;{}&#8220;][\/et_pb_video][et_pb_cta button_url=&#8220;https:\/\/drive.google.com\/file\/d\/1YmvMRydnvCxwiK8LTIpV4StZrhof2ldc\/view?usp=sharing&#8220; url_new_window=&#8220;on&#8220; button_text=&#8220;Stiahnite si profil spolo\u010dnosti&#8220; _builder_version=&#8220;4.16&#8243; _module_preset=&#8220;default&#8220; header_font_size=&#8220;22px&#8220; body_font_size=&#8220;14px&#8220; use_background_color_gradient=&#8220;on&#8220; background_color_gradient_stops=&#8220;#000000 0%|#604949 100%&#8220; background_color_gradient_start=&#8220;#000000&#8243; background_color_gradient_end=&#8220;#604949&#8243; background_image=&#8220;https:\/\/www.alarmautomatika.com\/wp-content\/uploads\/2020\/12\/company-profil-bcg-1.jpg&#8220; custom_button=&#8220;on&#8220; button_text_size=&#8220;14px&#8220; button_font=&#8220;|600|||||||&#8220; button_use_icon=&#8220;off&#8220; button_alignment=&#8220;center&#8220; button_custom_margin=&#8220;120px||||false|false&#8220; button_custom_padding=&#8220;14px|24px|14px|24px|true|true&#8220; text_orientation=&#8220;left&#8220; module_alignment=&#8220;center&#8220; min_height=&#8220;250px&#8220; custom_padding=&#8220;20px|20px|20px|20px|true|true&#8220; background_color_gradient_stops_tablet=&#8220;#000000 0%|#604949 100%&#8220; background_color_gradient_stops_phone=&#8220;#000000 0%|#604949 100%&#8220; saved_tabs=&#8220;all&#8220; global_colors_info=&#8220;{}&#8220;][\/et_pb_cta][\/et_pb_column][\/et_pb_row][\/et_pb_section]<\/p>\n","protected":false},"excerpt":{"rendered":"<p>Neust\u00e1le h\u013eadanie kvalitn\u00fdch zamestnancov\u010co je pre n\u00e1s kvalitn\u00fd zamestnanec? V prvom rade si cen\u00edme predajn\u00e9 schopnosti, technick\u00e9 znalosti a znalosti trhu s elektronick\u00fdm zabezpe\u010den\u00edm. Okrem odborn\u00fdch kompetenci\u00ed h\u013ead\u00e1me proakt\u00edvnych, iniciat\u00edvnych, pozit\u00edvnych a t\u00edmovo orientovan\u00fdch zamestnancov. Orient\u00e1cia na v\u00fdsledky, proaktivita, spolupr\u00e1ca a vz\u00e1jomn\u00e1 d\u00f4vera a re\u0161pekt s\u00fa pova\u017eovan\u00e9 za predpoklad rastu a rozvoja spolo\u010dnosti. Podnikanie rozvinut\u00e9 [&hellip;]<\/p>\n","protected":false},"author":15,"featured_media":0,"parent":0,"menu_order":0,"comment_status":"closed","ping_status":"closed","template":"","meta":{"_et_pb_use_builder":"on","_et_pb_old_content":"","_et_gb_content_width":"","footnotes":""},"class_list":["post-27203","page","type-page","status-publish","hentry"],"_links":{"self":[{"href":"https:\/\/www.alarmautomatika.com\/sk\/wp-json\/wp\/v2\/pages\/27203","targetHints":{"allow":["GET"]}}],"collection":[{"href":"https:\/\/www.alarmautomatika.com\/sk\/wp-json\/wp\/v2\/pages"}],"about":[{"href":"https:\/\/www.alarmautomatika.com\/sk\/wp-json\/wp\/v2\/types\/page"}],"author":[{"embeddable":true,"href":"https:\/\/www.alarmautomatika.com\/sk\/wp-json\/wp\/v2\/users\/15"}],"replies":[{"embeddable":true,"href":"https:\/\/www.alarmautomatika.com\/sk\/wp-json\/wp\/v2\/comments?post=27203"}],"version-history":[{"count":2,"href":"https:\/\/www.alarmautomatika.com\/sk\/wp-json\/wp\/v2\/pages\/27203\/revisions"}],"predecessor-version":[{"id":59630,"href":"https:\/\/www.alarmautomatika.com\/sk\/wp-json\/wp\/v2\/pages\/27203\/revisions\/59630"}],"wp:attachment":[{"href":"https:\/\/www.alarmautomatika.com\/sk\/wp-json\/wp\/v2\/media?parent=27203"}],"curies":[{"name":"wp","href":"https:\/\/api.w.org\/{rel}","templated":true}]}}